{"id":786,"date":"2019-10-18T17:08:37","date_gmt":"2019-10-18T17:08:37","guid":{"rendered":"http:\/\/www.guerdypreval.com\/gallery\/?page_id=786"},"modified":"2022-10-02T22:01:14","modified_gmt":"2022-10-02T22:01:14","slug":"home-page","status":"publish","type":"page","link":"https:\/\/www.guerdypreval.com\/gallery\/","title":{"rendered":"Accueil"},"content":{"rendered":"\n<p>Bienvenue sur le site officiel de <strong>Guerdy Jacques Pr\u00e9val<\/strong>: L&#8217;artiste-Peintre, Ethnomus\u00e9ologie et l&#8217;\u00e9crivain.<\/p>\n\n\n\n<p><strong>Guerdy Jacques Pr\u00e9val<\/strong> d\u00e9bute tr\u00e8s jeune par des cours d&#8217;\u00e9t\u00e9 de c\u00e9ramique, puis de peinture \u00e0 l&#8217;Atelier Poto-Mitan anim\u00e9 par les peintres Tiga et Dorc\u00e9ly. Plus tard, \u00e0 l&#8217;Ath\u00e9n\u00e9e Studio Art, il poursuit son apprentissage en regardant travailler des a\u00een\u00e9s comme Emmanuel Pierre-Charles et Valentin Iviquel qui deviendront tr\u00e8s vite ses amis.<\/p>\n\n\n\n<p>En 1972, il \u00e9migre \u00e0 Montr\u00e9al o\u00f9, parall\u00e8lement \u00e0 ses activit\u00e9s d\u2019artiste, il obtient un Bachelor of Art et une ma\u00eetrise en \u00c9tudes de l\u2019art \u00e0 l\u2019Universit\u00e9 du Qu\u00e9bec \u00e0 Montr\u00e9al (UQAM). En 2001, il expose son travail \u00e0 la 49<sup>e<\/sup> \u00e9dition de la Biennale d\u2019art contemporain de Venise.<\/p>\n\n\n\n<p>D\u00e9couvrez son parcours artistique, sa passion pour son pays et ses \u00e9crits. <\/p>\n\n\n\n<p>                                                Bonne Visite!<\/p>\n\n\n\n<p class=\"has-vivid-cyan-blue-color has-text-color\">                                                <strong>Guerdy Jacques Pr\u00e9val<\/strong><\/p>\n\n\n\n<p>                                                    <\/p>\n","protected":false},"excerpt":{"rendered":"<p>Bienvenue sur le site officiel de Guerdy Jacques Pr\u00e9val: L&#8217;artiste-Peintre, Ethnomus\u00e9ologie et l&#8217;\u00e9crivain. Guerdy Jacques Pr\u00e9val d\u00e9bute tr\u00e8s jeune par des cours d&#8217;\u00e9t\u00e9 de c\u00e9ramique, puis de peinture \u00e0 l&#8217;Atelier Poto-Mitan anim\u00e9 par les peintres Tiga et Dorc\u00e9ly. Plus tard, \u00e0 l&#8217;Ath\u00e9n\u00e9e Studio Art, il poursuit son apprentissage en regardant travailler des a\u00een\u00e9s comme Emmanuel [&hellip;]<\/p>\n","protected":false},"author":1,"featured_media":0,"parent":0,"menu_order":0,"comment_status":"closed","ping_status":"closed","template":"","meta":{"nf_dc_page":"","footnotes":""},"class_list":["post-786","page","type-page","status-publish","hentry"],"jetpack_sharing_enabled":true,"_links":{"self":[{"href":"https:\/\/www.guerdypreval.com\/gallery\/wp-json\/wp\/v2\/pages\/786","targetHints":{"allow":["GET"]}}],"collection":[{"href":"https:\/\/www.guerdypreval.com\/gallery\/wp-json\/wp\/v2\/pages"}],"about":[{"href":"https:\/\/www.guerdypreval.com\/gallery\/wp-json\/wp\/v2\/types\/page"}],"author":[{"embeddable":true,"href":"https:\/\/www.guerdypreval.com\/gallery\/wp-json\/wp\/v2\/users\/1"}],"replies":[{"embeddable":true,"href":"https:\/\/www.guerdypreval.com\/gallery\/wp-json\/wp\/v2\/comments?post=786"}],"version-history":[{"count":6,"href":"https:\/\/www.guerdypreval.com\/gallery\/wp-json\/wp\/v2\/pages\/786\/revisions"}],"predecessor-version":[{"id":1237,"href":"https:\/\/www.guerdypreval.com\/gallery\/wp-json\/wp\/v2\/pages\/786\/revisions\/1237"}],"wp:attachment":[{"href":"https:\/\/www.guerdypreval.com\/gallery\/wp-json\/wp\/v2\/media?parent=786"}],"curies":[{"name":"wp","href":"https:\/\/api.w.org\/{rel}","templated":true}]}}